{"id":8789,"date":"2022-02-28T15:04:41","date_gmt":"2022-02-28T14:04:41","guid":{"rendered":"https:\/\/new.pramottonmobili.it\/prodotto\/credenza-recta\/"},"modified":"2022-03-01T17:12:51","modified_gmt":"2022-03-01T16:12:51","slug":"placard-recta","status":"publish","type":"prodotto","link":"https:\/\/www.pramottonmobili.it\/fr\/prodotto\/placard-recta\/","title":{"rendered":"Placard Recta"},"content":{"rendered":"<p>Recta est disponible dans la version bahut, bahut haut et biblioth\u00e8que. Recta cr\u00e9e des contrastes chromatiques entre les fa\u00e7ades des portes et des tiroirs et sa structure sur laquelle les s\u00e9parations servent aussi de pi\u00e8tement. Les portes centrales de bahuts hauts et bahuts ont une ouverture totale de 180\u00b0. La modularit\u00e9 et les conformations avec possibilit\u00e9 de laquage interne sont amples.<\/p>\n","protected":false},"author":1,"featured_media":7835,"template":"","marchio":[104],"tipologia":[226],"class_list":["post-8789","prodotto","type-prodotto","status-publish","has-post-thumbnail","hentry","marchio-alf-da-fre-fr","tipologia-buffets-et-armoires"],"acf":[],"_links":{"self":[{"href":"https:\/\/www.pramottonmobili.it\/fr\/wp-json\/wp\/v2\/prodotto\/8789","targetHints":{"allow":["GET"]}}],"collection":[{"href":"https:\/\/www.pramottonmobili.it\/fr\/wp-json\/wp\/v2\/prodotto"}],"about":[{"href":"https:\/\/www.pramottonmobili.it\/fr\/wp-json\/wp\/v2\/types\/prodotto"}],"author":[{"embeddable":true,"href":"https:\/\/www.pramottonmobili.it\/fr\/wp-json\/wp\/v2\/users\/1"}],"version-history":[{"count":1,"href":"https:\/\/www.pramottonmobili.it\/fr\/wp-json\/wp\/v2\/prodotto\/8789\/revisions"}],"predecessor-version":[{"id":8801,"href":"https:\/\/www.pramottonmobili.it\/fr\/wp-json\/wp\/v2\/prodotto\/8789\/revisions\/8801"}],"wp:featuredmedia":[{"embeddable":true,"href":"https:\/\/www.pramottonmobili.it\/fr\/wp-json\/wp\/v2\/media\/7835"}],"wp:attachment":[{"href":"https:\/\/www.pramottonmobili.it\/fr\/wp-json\/wp\/v2\/media?parent=8789"}],"wp:term":[{"taxonomy":"marchio","embeddable":true,"href":"https:\/\/www.pramottonmobili.it\/fr\/wp-json\/wp\/v2\/marchio?post=8789"},{"taxonomy":"tipologia","embeddable":true,"href":"https:\/\/www.pramottonmobili.it\/fr\/wp-json\/wp\/v2\/tipologia?post=8789"}],"curies":[{"name":"wp","href":"https:\/\/api.w.org\/{rel}","templated":true}]}}