{"id":11378,"date":"2022-03-08T14:36:11","date_gmt":"2022-03-08T13:36:11","guid":{"rendered":"https:\/\/new.pramottonmobili.it\/prodotto\/tavolino-hardy\/"},"modified":"2022-03-08T15:55:39","modified_gmt":"2022-03-08T14:55:39","slug":"table-basse-hardy","status":"publish","type":"prodotto","link":"https:\/\/www.pramottonmobili.it\/fr\/prodotto\/table-basse-hardy\/","title":{"rendered":"Table basse Hardy"},"content":{"rendered":"<p>Une vaste collection de tables passe-partout, pourvue d\u2019une extr\u00eame polyvalence et disponible en plusieurs tailles. Les formes pr\u00e9sentent une extr\u00eame l\u00e9g\u00e8ret\u00e9 graphique, la structure m\u00e9tallique est propos\u00e9e en plusieurs finitions assorties au dessus, pour partager \u00e0 la fois la m\u00eame apparence ou pour cr\u00e9er un contraste saisissant entre les deux \u00e9l\u00e9ments.<\/p>\n","protected":false},"author":1,"featured_media":11376,"template":"","marchio":[261],"tipologia":[237],"class_list":["post-11378","prodotto","type-prodotto","status-publish","has-post-thumbnail","hentry","marchio-meridiani-fr","tipologia-tables-basses"],"acf":[],"_links":{"self":[{"href":"https:\/\/www.pramottonmobili.it\/fr\/wp-json\/wp\/v2\/prodotto\/11378","targetHints":{"allow":["GET"]}}],"collection":[{"href":"https:\/\/www.pramottonmobili.it\/fr\/wp-json\/wp\/v2\/prodotto"}],"about":[{"href":"https:\/\/www.pramottonmobili.it\/fr\/wp-json\/wp\/v2\/types\/prodotto"}],"author":[{"embeddable":true,"href":"https:\/\/www.pramottonmobili.it\/fr\/wp-json\/wp\/v2\/users\/1"}],"version-history":[{"count":0,"href":"https:\/\/www.pramottonmobili.it\/fr\/wp-json\/wp\/v2\/prodotto\/11378\/revisions"}],"wp:featuredmedia":[{"embeddable":true,"href":"https:\/\/www.pramottonmobili.it\/fr\/wp-json\/wp\/v2\/media\/11376"}],"wp:attachment":[{"href":"https:\/\/www.pramottonmobili.it\/fr\/wp-json\/wp\/v2\/media?parent=11378"}],"wp:term":[{"taxonomy":"marchio","embeddable":true,"href":"https:\/\/www.pramottonmobili.it\/fr\/wp-json\/wp\/v2\/marchio?post=11378"},{"taxonomy":"tipologia","embeddable":true,"href":"https:\/\/www.pramottonmobili.it\/fr\/wp-json\/wp\/v2\/tipologia?post=11378"}],"curies":[{"name":"wp","href":"https:\/\/api.w.org\/{rel}","templated":true}]}}