{"id":11314,"date":"2022-03-08T13:49:47","date_gmt":"2022-03-08T12:49:47","guid":{"rendered":"https:\/\/new.pramottonmobili.it\/prodotto\/tavolino-caulfield\/"},"modified":"2022-03-08T13:50:29","modified_gmt":"2022-03-08T12:50:29","slug":"petite-table-caulfield","status":"publish","type":"prodotto","link":"https:\/\/www.pramottonmobili.it\/fr\/prodotto\/petite-table-caulfield\/","title":{"rendered":"Petite table Caulfield"},"content":{"rendered":"<p>La petite table Caulfield existe maintenant dans la version pour l\u2019ext\u00e9rieur avec une combinaison in\u00e9dite de mat\u00e9riaux.<br \/>\nLa structure a\u00e9rienne en m\u00e9tal est disponible dans une gamme de couleurs attrayants \u2013 Argile, Sunflower, Vert Kaki et Rouille. La structure en m\u00e9tal est d\u2019abord soumise \u00e0 un sablage pour \u00e9liminer d\u2019\u00e9ventuelles irr\u00e9gularit\u00e9s, puis trait\u00e9e avec une peinture poudre \u00e9poxy garantissant une excellente r\u00e9sistance \u00e0 la corrosion et aux agents atmosph\u00e9riques. Le plateau est en pierre Pietra del Cardoso, finition bross\u00e9. Les petites tables Caulfied \u201c Outdoor \u201c sont disponibles en trois tailles.<\/p>\n","protected":false},"author":1,"featured_media":11301,"template":"","marchio":[125],"tipologia":[256],"class_list":["post-11314","prodotto","type-prodotto","status-publish","has-post-thumbnail","hentry","marchio-minotti-fr","tipologia-outdoor-fr"],"acf":[],"_links":{"self":[{"href":"https:\/\/www.pramottonmobili.it\/fr\/wp-json\/wp\/v2\/prodotto\/11314","targetHints":{"allow":["GET"]}}],"collection":[{"href":"https:\/\/www.pramottonmobili.it\/fr\/wp-json\/wp\/v2\/prodotto"}],"about":[{"href":"https:\/\/www.pramottonmobili.it\/fr\/wp-json\/wp\/v2\/types\/prodotto"}],"author":[{"embeddable":true,"href":"https:\/\/www.pramottonmobili.it\/fr\/wp-json\/wp\/v2\/users\/1"}],"version-history":[{"count":0,"href":"https:\/\/www.pramottonmobili.it\/fr\/wp-json\/wp\/v2\/prodotto\/11314\/revisions"}],"wp:featuredmedia":[{"embeddable":true,"href":"https:\/\/www.pramottonmobili.it\/fr\/wp-json\/wp\/v2\/media\/11301"}],"wp:attachment":[{"href":"https:\/\/www.pramottonmobili.it\/fr\/wp-json\/wp\/v2\/media?parent=11314"}],"wp:term":[{"taxonomy":"marchio","embeddable":true,"href":"https:\/\/www.pramottonmobili.it\/fr\/wp-json\/wp\/v2\/marchio?post=11314"},{"taxonomy":"tipologia","embeddable":true,"href":"https:\/\/www.pramottonmobili.it\/fr\/wp-json\/wp\/v2\/tipologia?post=11314"}],"curies":[{"name":"wp","href":"https:\/\/api.w.org\/{rel}","templated":true}]}}