{"id":10797,"date":"2022-03-07T11:56:39","date_gmt":"2022-03-07T10:56:39","guid":{"rendered":"https:\/\/new.pramottonmobili.it\/prodotto\/gruppo-notte-chloe\/"},"modified":"2022-03-07T11:58:21","modified_gmt":"2022-03-07T10:58:21","slug":"groupe-lit-chloe","status":"publish","type":"prodotto","link":"https:\/\/www.pramottonmobili.it\/fr\/prodotto\/groupe-lit-chloe\/","title":{"rendered":"Groupe lit Chloe"},"content":{"rendered":"<p>Le lit Chlo\u00e9 est accompagn\u00e9 d\u2019une s\u00e9rie d\u2019accessoires inspir\u00e9s du design particulier de la t\u00eate de lit repli\u00e9e vers l\u2019int\u00e9rieur. Dans les tables de chevet et la commode Chlo\u00e9, les c\u00f4t\u00e9s d\u2019appui en m\u00e9tal recouverts de cuir se transforment en un d\u00e9tail embl\u00e9matique qui conquiert par sa l\u00e9g\u00e8ret\u00e9 et sa personnalit\u00e9.<\/p>\n","protected":false},"author":1,"featured_media":10790,"template":"","marchio":[129],"tipologia":[223],"class_list":["post-10797","prodotto","type-prodotto","status-publish","has-post-thumbnail","hentry","marchio-poliform-fr","tipologia-chambres-modernes"],"acf":[],"_links":{"self":[{"href":"https:\/\/www.pramottonmobili.it\/fr\/wp-json\/wp\/v2\/prodotto\/10797","targetHints":{"allow":["GET"]}}],"collection":[{"href":"https:\/\/www.pramottonmobili.it\/fr\/wp-json\/wp\/v2\/prodotto"}],"about":[{"href":"https:\/\/www.pramottonmobili.it\/fr\/wp-json\/wp\/v2\/types\/prodotto"}],"author":[{"embeddable":true,"href":"https:\/\/www.pramottonmobili.it\/fr\/wp-json\/wp\/v2\/users\/1"}],"version-history":[{"count":0,"href":"https:\/\/www.pramottonmobili.it\/fr\/wp-json\/wp\/v2\/prodotto\/10797\/revisions"}],"wp:featuredmedia":[{"embeddable":true,"href":"https:\/\/www.pramottonmobili.it\/fr\/wp-json\/wp\/v2\/media\/10790"}],"wp:attachment":[{"href":"https:\/\/www.pramottonmobili.it\/fr\/wp-json\/wp\/v2\/media?parent=10797"}],"wp:term":[{"taxonomy":"marchio","embeddable":true,"href":"https:\/\/www.pramottonmobili.it\/fr\/wp-json\/wp\/v2\/marchio?post=10797"},{"taxonomy":"tipologia","embeddable":true,"href":"https:\/\/www.pramottonmobili.it\/fr\/wp-json\/wp\/v2\/tipologia?post=10797"}],"curies":[{"name":"wp","href":"https:\/\/api.w.org\/{rel}","templated":true}]}}