{"id":10104,"date":"2022-03-04T11:01:26","date_gmt":"2022-03-04T10:01:26","guid":{"rendered":"https:\/\/new.pramottonmobili.it\/?post_type=prodotto&#038;p=10104"},"modified":"2022-03-04T11:01:52","modified_gmt":"2022-03-04T10:01:52","slug":"cuisine-ak_project","status":"publish","type":"prodotto","link":"https:\/\/www.pramottonmobili.it\/fr\/prodotto\/cuisine-ak_project\/","title":{"rendered":"Cuisine Ak_Project"},"content":{"rendered":"<p>Syst\u00e8me complet.<br \/>\nDesign et fonctionnalit\u00e9 ont amen\u00e9 \u00e0 un nouvel objectif de conception.<br \/>\nDiff\u00e9rentes solutions esth\u00e9tiques et fonctionnelles sont coordonn\u00e9es dans une collection unique qui arrive \u00e0 lier de mani\u00e8re harmonieuse objectifs et mat\u00e9riaux.<br \/>\nLa large gamme de finitions disponibles et les diff\u00e9rents types de modularit\u00e9s permettent de cr\u00e9er des projets de cuisine personnalis\u00e9s en fonction des besoins de l\u2019utilisateur. Le m\u00eame projet peut \u00eatre adapt\u00e9 \u00e0 toutes les finitions sans subir de modifications significatives.<br \/>\nL\u2019ouverture \u00e0 de multiples solutions vise toujours \u00e0 satisfaire tous les besoins en termes de fonctionnalit\u00e9, d\u2019ergonomie et d\u2019aspect esth\u00e9tique.<\/p>\n<p>Design Arch. Franco Driusso<\/p>\n","protected":false},"author":1,"featured_media":10093,"template":"","marchio":[105],"tipologia":[228],"class_list":["post-10104","prodotto","type-prodotto","status-publish","has-post-thumbnail","hentry","marchio-arrital-fr","tipologia-cuisines"],"acf":[],"_links":{"self":[{"href":"https:\/\/www.pramottonmobili.it\/fr\/wp-json\/wp\/v2\/prodotto\/10104","targetHints":{"allow":["GET"]}}],"collection":[{"href":"https:\/\/www.pramottonmobili.it\/fr\/wp-json\/wp\/v2\/prodotto"}],"about":[{"href":"https:\/\/www.pramottonmobili.it\/fr\/wp-json\/wp\/v2\/types\/prodotto"}],"author":[{"embeddable":true,"href":"https:\/\/www.pramottonmobili.it\/fr\/wp-json\/wp\/v2\/users\/1"}],"version-history":[{"count":0,"href":"https:\/\/www.pramottonmobili.it\/fr\/wp-json\/wp\/v2\/prodotto\/10104\/revisions"}],"wp:featuredmedia":[{"embeddable":true,"href":"https:\/\/www.pramottonmobili.it\/fr\/wp-json\/wp\/v2\/media\/10093"}],"wp:attachment":[{"href":"https:\/\/www.pramottonmobili.it\/fr\/wp-json\/wp\/v2\/media?parent=10104"}],"wp:term":[{"taxonomy":"marchio","embeddable":true,"href":"https:\/\/www.pramottonmobili.it\/fr\/wp-json\/wp\/v2\/marchio?post=10104"},{"taxonomy":"tipologia","embeddable":true,"href":"https:\/\/www.pramottonmobili.it\/fr\/wp-json\/wp\/v2\/tipologia?post=10104"}],"curies":[{"name":"wp","href":"https:\/\/api.w.org\/{rel}","templated":true}]}}